{"id":128,"date":"2020-09-18T13:01:37","date_gmt":"2020-09-18T13:01:37","guid":{"rendered":"https:\/\/imbach-elko.ch\/?page_id=128"},"modified":"2026-01-13T07:40:06","modified_gmt":"2026-01-13T07:40:06","slug":"aktuell","status":"publish","type":"page","link":"https:\/\/imbach-elko.ch\/?page_id=128","title":{"rendered":"Aktuell"},"content":{"rendered":"\t\t<div data-elementor-type=\"wp-page\" data-elementor-id=\"128\" class=\"elementor elementor-128\" data-elementor-post-type=\"page\">\n\t\t\t\t\t\t<section class=\"elementor-section elementor-top-section elementor-element elementor-element-947788b elementor-section-boxed elementor-section-height-default elementor-section-height-default\" data-id=\"947788b\" data-element_type=\"section\" data-e-type=\"section\">\n\t\t\t\t\t\t<div class=\"elementor-container elementor-column-gap-default\">\n\t\t\t\t\t<div class=\"elementor-column elementor-col-100 elementor-top-column elementor-element elementor-element-16f2d04\" data-id=\"16f2d04\" data-element_type=\"column\" data-e-type=\"column\">\n\t\t\t<div class=\"elementor-widget-wrap elementor-element-populated\">\n\t\t\t\t\t\t<div class=\"elementor-element elementor-element-39a99f7 elementor-widget elementor-widget-spacer\" data-id=\"39a99f7\" data-element_type=\"widget\" data-e-type=\"widget\" data-widget_type=\"spacer.default\">\n\t\t\t\t<div class=\"elementor-widget-container\">\n\t\t\t\t\t\t\t<div class=\"elementor-spacer\">\n\t\t\t<div class=\"elementor-spacer-inner\"><\/div>\n\t\t<\/div>\n\t\t\t\t\t\t<\/div>\n\t\t\t\t<\/div>\n\t\t\t\t\t<\/div>\n\t\t<\/div>\n\t\t\t\t\t<\/div>\n\t\t<\/section>\n\t\t\t\t<section class=\"elementor-section elementor-top-section elementor-element elementor-element-1dfe726 elementor-section-boxed elementor-section-height-default elementor-section-height-default\" data-id=\"1dfe726\" data-element_type=\"section\" data-e-type=\"section\">\n\t\t\t\t\t\t<div class=\"elementor-container elementor-column-gap-default\">\n\t\t\t\t\t<div class=\"elementor-column elementor-col-100 elementor-top-column elementor-element elementor-element-864592e\" data-id=\"864592e\" data-element_type=\"column\" data-e-type=\"column\">\n\t\t\t<div class=\"elementor-widget-wrap\">\n\t\t\t\t\t\t\t<\/div>\n\t\t<\/div>\n\t\t\t\t\t<\/div>\n\t\t<\/section>\n\t\t\t\t<section class=\"elementor-section elementor-top-section elementor-element elementor-element-dce6bb9 elementor-section-boxed elementor-section-height-default elementor-section-height-default\" data-id=\"dce6bb9\" data-element_type=\"section\" data-e-type=\"section\">\n\t\t\t\t\t\t<div class=\"elementor-container elementor-column-gap-default\">\n\t\t\t\t\t<div class=\"elementor-column elementor-col-100 elementor-top-column elementor-element elementor-element-ed2b22b\" data-id=\"ed2b22b\" data-element_type=\"column\" data-e-type=\"column\">\n\t\t\t<div class=\"elementor-widget-wrap elementor-element-populated\">\n\t\t\t\t\t\t<div class=\"elementor-element elementor-element-a4bacb2 elementor-widget elementor-widget-spacer\" data-id=\"a4bacb2\" data-element_type=\"widget\" data-e-type=\"widget\" data-widget_type=\"spacer.default\">\n\t\t\t\t<div class=\"elementor-widget-container\">\n\t\t\t\t\t\t\t<div class=\"elementor-spacer\">\n\t\t\t<div class=\"elementor-spacer-inner\"><\/div>\n\t\t<\/div>\n\t\t\t\t\t\t<\/div>\n\t\t\t\t<\/div>\n\t\t\t\t<div class=\"elementor-element elementor-element-7ceaf75 elementor-invisible elementor-widget elementor-widget-eael-content-timeline\" data-id=\"7ceaf75\" data-element_type=\"widget\" data-e-type=\"widget\" data-settings=\"{&quot;_animation&quot;:&quot;fadeInUp&quot;}\" data-widget_type=\"eael-content-timeline.default\">\n\t\t\t\t<div class=\"elementor-widget-container\">\n\t\t\t\t\t\t\t<div id=\"eael-content-timeline-7ceaf75\" class=\"content-timeline-layout-left date-position-outside horizontal-timeline-wrapper\" data-slide_to_scroll=\"{&quot;desktop&quot;:1,&quot;mobile&quot;:1,&quot;tablet&quot;:1}\">\n\t\t\t<div class=\"eael-content-timeline-container\">\n\t\t\t\t<div class=\"eael-content-timeline-container\">\n\t\t\t\t\t\t\t\t\t\t\t\t\t\t\t\t\t\t\t\t\t\t\t<div class=\"eael-content-timeline-block\">\n    <div class=\"eael-content-timeline-line\">\n        <div class=\"eael-content-timeline-inner\"><\/div>\n    <\/div>\n    <div class=\"eael-content-timeline-img eael-picture \"><\/div><div class=\"eael-content-timeline-content\"><span class=\"eael-date\">Dezember 2025<\/span><h2 class=\"eael-timeline-title\"><a href=\"#\">Freudige Festtage<\/a><\/h2><div class=\"eael-timeline-excerpt\"><p><a href=\"https:\/\/imbach-elko.ch\/wp-content\/uploads\/2026\/01\/2026.01.-INFO_Imbach-130x180-1.pdf\"><img fetchpriority=\"high\" decoding=\"async\" class=\"alignnone wp-image-1798 size-full\" src=\"https:\/\/imbach-elko.ch\/wp-content\/uploads\/2026\/01\/2026.01.-INFO_Imbach-130x180-1-pdf.jpg\" alt=\"\" width=\"907\" height=\"655\" \/><\/a><\/p><\/div><\/div><\/div>\t\t\t\t\t\t\t\t\t\t\t\t\t\t\t\t\t\t<div class=\"eael-content-timeline-block\">\n    <div class=\"eael-content-timeline-line\">\n        <div class=\"eael-content-timeline-inner\"><\/div>\n    <\/div>\n    <div class=\"eael-content-timeline-img eael-picture \"><\/div><div class=\"eael-content-timeline-content\"><span class=\"eael-date\">Februar 2025<\/span><h2 class=\"eael-timeline-title\"><a href=\"#\">Schmutziger Donnerstag, 27. Februar geschlossen<\/a><\/h2><div class=\"eael-timeline-excerpt\"><p><a href=\"https:\/\/imbach-elko.ch\/wp-content\/uploads\/2025\/01\/Ladenoeffnungszeiten-Fasnacht.pdf\"><img decoding=\"async\" class=\"alignnone wp-image-1781 size-full\" src=\"https:\/\/imbach-elko.ch\/wp-content\/uploads\/2025\/01\/Ladenoeffnungszeiten-Fasnacht-pdf.jpg\" alt=\"\" width=\"907\" height=\"655\" \/><\/a><\/p><\/div><\/div><\/div>\t\t\t\t\t\t\t\t\t\t\t\t\t\t\t\t\t\t<div class=\"eael-content-timeline-block\">\n    <div class=\"eael-content-timeline-line\">\n        <div class=\"eael-content-timeline-inner\"><\/div>\n    <\/div>\n    <div class=\"eael-content-timeline-img eael-picture \"><\/div><div class=\"eael-content-timeline-content\"><span class=\"eael-date\">Dezember 2024<\/span><h2 class=\"eael-timeline-title\"><a href=\"#\">Freudige Festtage und ein lichtvolles neues Jahr<\/a><\/h2><div class=\"eael-timeline-excerpt\"><p><a href=\"https:\/\/imbach-elko.ch\/wp-content\/uploads\/2025\/01\/2024.12.-W-Karte-Imbach_V3.pdf\"><img decoding=\"async\" class=\"alignnone wp-image-1783 size-full\" src=\"https:\/\/imbach-elko.ch\/wp-content\/uploads\/2025\/01\/2024.12.-W-Karte-Imbach_V3-pdf.jpg\" alt=\"\" width=\"1058\" height=\"746\" \/><\/a><\/p><\/div><\/div><\/div>\t\t\t\t\t\t\t\t\t\t\t\t\t\t\t\t\t\t<div class=\"eael-content-timeline-block\">\n    <div class=\"eael-content-timeline-line\">\n        <div class=\"eael-content-timeline-inner\"><\/div>\n    <\/div>\n    <div class=\"eael-content-timeline-img eael-picture \"><\/div><div class=\"eael-content-timeline-content\"><span class=\"eael-date\">Oktober 2024<\/span><h2 class=\"eael-timeline-title\"><a href=\"#\">Gratulation zum 10 J\u00e4hrigen Firmenjubil\u00e4um<\/a><\/h2><div class=\"eael-timeline-excerpt\"><p><img loading=\"lazy\" decoding=\"async\" class=\"alignnone wp-image-1771 size-full\" src=\"https:\/\/imbach-elko.ch\/wp-content\/uploads\/2024\/10\/10-Jahre-Roman-und-Doeme-halbe-Seite-ELKO1-scaled.jpg\" alt=\"\" width=\"2560\" height=\"1849\" srcset=\"https:\/\/imbach-elko.ch\/wp-content\/uploads\/2024\/10\/10-Jahre-Roman-und-Doeme-halbe-Seite-ELKO1-scaled.jpg 2560w, https:\/\/imbach-elko.ch\/wp-content\/uploads\/2024\/10\/10-Jahre-Roman-und-Doeme-halbe-Seite-ELKO1-300x217.jpg 300w, https:\/\/imbach-elko.ch\/wp-content\/uploads\/2024\/10\/10-Jahre-Roman-und-Doeme-halbe-Seite-ELKO1-1024x740.jpg 1024w, https:\/\/imbach-elko.ch\/wp-content\/uploads\/2024\/10\/10-Jahre-Roman-und-Doeme-halbe-Seite-ELKO1-768x555.jpg 768w, https:\/\/imbach-elko.ch\/wp-content\/uploads\/2024\/10\/10-Jahre-Roman-und-Doeme-halbe-Seite-ELKO1-1536x1109.jpg 1536w, https:\/\/imbach-elko.ch\/wp-content\/uploads\/2024\/10\/10-Jahre-Roman-und-Doeme-halbe-Seite-ELKO1-2048x1479.jpg 2048w\" sizes=\"(max-width: 2560px) 100vw, 2560px\" \/><\/p><\/div><\/div><\/div>\t\t\t\t\t\t\t\t\t\t\t\t\t\t\t\t\t\t<div class=\"eael-content-timeline-block\">\n    <div class=\"eael-content-timeline-line\">\n        <div class=\"eael-content-timeline-inner\"><\/div>\n    <\/div>\n    <div class=\"eael-content-timeline-img eael-picture \"><\/div><div class=\"eael-content-timeline-content\"><span class=\"eael-date\">Mai 2024<\/span><h2 class=\"eael-timeline-title\"><a href=\"#\">Eibu-F\u00e4scht<\/a><\/h2><div class=\"eael-timeline-excerpt\"><p>Am Eibu-F\u00e4scht spannen wir mit der Urech + Harr AG zusammen. Du bist <br \/>gespannt, was es bei uns alles zu entdecken gibt? Dann komm am besten <br \/>vorbei und lass dich vor Ort \u00fcberraschen.\u00a0<br \/>Unser Angebot umfasst Elektroinstallationen jeglicher Art und Form. <br \/>Ob Neu- oder Umbau, Ladestation oder PV-Anlage \u2013 wir sind dein <br \/>kompetenter Ansprechpartner.<\/p><p><a href=\"https:\/\/gvinwil.ch\/wp-content\/uploads\/2024\/05\/Eibu-Faescht_Festfuehrer.pdf\"><img loading=\"lazy\" decoding=\"async\" class=\"alignnone wp-image-1752 size-large\" src=\"https:\/\/imbach-elko.ch\/wp-content\/uploads\/2024\/05\/Eibu-Faescht_Flyer_qr-724x1024.jpg\" alt=\"\" width=\"724\" height=\"1024\" srcset=\"https:\/\/imbach-elko.ch\/wp-content\/uploads\/2024\/05\/Eibu-Faescht_Flyer_qr-724x1024.jpg 724w, https:\/\/imbach-elko.ch\/wp-content\/uploads\/2024\/05\/Eibu-Faescht_Flyer_qr-212x300.jpg 212w, https:\/\/imbach-elko.ch\/wp-content\/uploads\/2024\/05\/Eibu-Faescht_Flyer_qr-768x1086.jpg 768w, https:\/\/imbach-elko.ch\/wp-content\/uploads\/2024\/05\/Eibu-Faescht_Flyer_qr-1086x1536.jpg 1086w, https:\/\/imbach-elko.ch\/wp-content\/uploads\/2024\/05\/Eibu-Faescht_Flyer_qr.jpg 1131w\" sizes=\"(max-width: 724px) 100vw, 724px\" \/><\/a><\/p><\/div><\/div><\/div>\t\t\t\t\t\t\t\t\t\t\t\t\t\t\t\t\t\t<div class=\"eael-content-timeline-block\">\n    <div class=\"eael-content-timeline-line\">\n        <div class=\"eael-content-timeline-inner\"><\/div>\n    <\/div>\n    <div class=\"eael-content-timeline-img eael-picture \"><\/div><div class=\"eael-content-timeline-content\"><span class=\"eael-date\">Februar 2024<\/span><h2 class=\"eael-timeline-title\"><a href=\"#\">Mer w\u00f6nschid e r\u00fc\u00fcdig sch\u00f6ni Fasnacht<\/a><\/h2><div class=\"eael-timeline-excerpt\"><p><a href=\"https:\/\/imbach-elko.ch\/wp-content\/uploads\/2022\/02\/Fasnachtzeitung-2022.pdf\"><img loading=\"lazy\" decoding=\"async\" class=\"alignnone wp-image-1534 size-full\" src=\"https:\/\/imbach-elko.ch\/wp-content\/uploads\/2022\/02\/Fasnachtzeitung-2022-pdf.jpg\" alt=\"\" width=\"907\" height=\"378\" \/><\/a><\/p><\/div><\/div><\/div>\t\t\t\t\t\t\t\t\t\t\t\t\t\t\t\t\t\t<div class=\"eael-content-timeline-block\">\n    <div class=\"eael-content-timeline-line\">\n        <div class=\"eael-content-timeline-inner\"><\/div>\n    <\/div>\n    <div class=\"eael-content-timeline-img eael-picture \"><\/div><div class=\"eael-content-timeline-content\"><span class=\"eael-date\">Dezember 2023<\/span><h2 class=\"eael-timeline-title\"><a href=\"#\">Neujahrsw\u00fcnsche<\/a><\/h2><div class=\"eael-timeline-excerpt\"><p><img loading=\"lazy\" decoding=\"async\" class=\"alignnone wp-image-1614 size-large\" src=\"https:\/\/imbach-elko.ch\/wp-content\/uploads\/2023\/12\/Weihnachtskarte-2023_JPG-1024x722.jpg\" alt=\"\" width=\"800\" height=\"564\" srcset=\"https:\/\/imbach-elko.ch\/wp-content\/uploads\/2023\/12\/Weihnachtskarte-2023_JPG-1024x722.jpg 1024w, https:\/\/imbach-elko.ch\/wp-content\/uploads\/2023\/12\/Weihnachtskarte-2023_JPG-300x212.jpg 300w, https:\/\/imbach-elko.ch\/wp-content\/uploads\/2023\/12\/Weihnachtskarte-2023_JPG-768x541.jpg 768w, https:\/\/imbach-elko.ch\/wp-content\/uploads\/2023\/12\/Weihnachtskarte-2023_JPG.jpg 1190w\" sizes=\"(max-width: 800px) 100vw, 800px\" \/><\/p><\/div><\/div><\/div>\t\t\t\t\t\t\t\t\t\t\t\t\t\t\t\t\t\t<div class=\"eael-content-timeline-block\">\n    <div class=\"eael-content-timeline-line\">\n        <div class=\"eael-content-timeline-inner\"><\/div>\n    <\/div>\n    <div class=\"eael-content-timeline-img eael-picture \"><\/div><div class=\"eael-content-timeline-content\"><span class=\"eael-date\">Juli 2023<\/span><h2 class=\"eael-timeline-title\"><a href=\"#\">Willkommen im Team <br> Roman K\u00e4slin<\/a><\/h2><div class=\"eael-timeline-excerpt\"><p><a href=\"https:\/\/imbach-elko.ch\/wp-content\/uploads\/2022\/12\/2022-Neujahrsinserat_compressed.pdf\"><img loading=\"lazy\" decoding=\"async\" class=\"alignnone wp-image-1582 size-full\" src=\"https:\/\/imbach-elko.ch\/wp-content\/uploads\/2023\/08\/Roman-Kaeslin.jpg\" alt=\"\" width=\"2159\" height=\"1440\" srcset=\"https:\/\/imbach-elko.ch\/wp-content\/uploads\/2023\/08\/Roman-Kaeslin.jpg 2159w, https:\/\/imbach-elko.ch\/wp-content\/uploads\/2023\/08\/Roman-Kaeslin-300x200.jpg 300w, https:\/\/imbach-elko.ch\/wp-content\/uploads\/2023\/08\/Roman-Kaeslin-1024x683.jpg 1024w, https:\/\/imbach-elko.ch\/wp-content\/uploads\/2023\/08\/Roman-Kaeslin-768x512.jpg 768w, https:\/\/imbach-elko.ch\/wp-content\/uploads\/2023\/08\/Roman-Kaeslin-1536x1024.jpg 1536w, https:\/\/imbach-elko.ch\/wp-content\/uploads\/2023\/08\/Roman-Kaeslin-2048x1366.jpg 2048w\" sizes=\"(max-width: 2159px) 100vw, 2159px\" \/><\/a><\/p><\/div><\/div><\/div>\t\t\t\t\t\t\t\t\t\t\t\t\t\t\t\t\t\t<div class=\"eael-content-timeline-block\">\n    <div class=\"eael-content-timeline-line\">\n        <div class=\"eael-content-timeline-inner\"><\/div>\n    <\/div>\n    <div class=\"eael-content-timeline-img eael-picture \"><\/div><div class=\"eael-content-timeline-content\"><span class=\"eael-date\">Dezember 2022<\/span><h2 class=\"eael-timeline-title\"><a href=\"#\">Neujahrsw\u00fcnsche<\/a><\/h2><div class=\"eael-timeline-excerpt\"><p><a href=\"https:\/\/imbach-elko.ch\/wp-content\/uploads\/2022\/12\/2022-Neujahrsinserat_compressed.pdf\"><img loading=\"lazy\" decoding=\"async\" class=\"alignnone wp-image-1561 size-full\" src=\"https:\/\/imbach-elko.ch\/wp-content\/uploads\/2022\/12\/2022-Neujahrsinserat_compressed-pdf.jpg\" alt=\"\" width=\"857\" height=\"605\" \/><\/a><\/p><\/div><\/div><\/div>\t\t\t\t\t\t\t\t\t\t\t\t\t\t\t\t\t\t<div class=\"eael-content-timeline-block\">\n    <div class=\"eael-content-timeline-line\">\n        <div class=\"eael-content-timeline-inner\"><\/div>\n    <\/div>\n    <div class=\"eael-content-timeline-img eael-picture \"><\/div><div class=\"eael-content-timeline-content\"><span class=\"eael-date\">Dezember 2021<\/span><h2 class=\"eael-timeline-title\"><a href=\"#\">Frohe Festtage<\/a><\/h2><div class=\"eael-timeline-excerpt\"><p><img loading=\"lazy\" decoding=\"async\" class=\"alignnone wp-image-1524 size-full\" src=\"https:\/\/imbach-elko.ch\/wp-content\/uploads\/2021\/12\/Weihnachtsinserat-21.jpg\" alt=\"\" width=\"1063\" height=\"768\" \/><\/p><\/div><\/div><\/div>\t\t\t\t\t\t\t\t\t\t\t\t\t\t\t\t\t\t<div class=\"eael-content-timeline-block\">\n    <div class=\"eael-content-timeline-line\">\n        <div class=\"eael-content-timeline-inner\"><\/div>\n    <\/div>\n    <div class=\"eael-content-timeline-img eael-picture \"><\/div><div class=\"eael-content-timeline-content\"><span class=\"eael-date\">17.05.2021<\/span><h2 class=\"eael-timeline-title\"><a href=\"#\">Projekt Heckenpflanzung, ein unvergessliches Erlebnis f\u00fcr die Kinder<\/a><\/h2><div class=\"eael-timeline-excerpt\"><p><img loading=\"lazy\" decoding=\"async\" class=\"alignnone wp-image-1504 size-medium\" src=\"https:\/\/imbach-elko.ch\/wp-content\/uploads\/2021\/05\/Gruppenbild-1-300x225.jpg\" alt=\"\" width=\"300\" height=\"225\" srcset=\"https:\/\/imbach-elko.ch\/wp-content\/uploads\/2021\/05\/Gruppenbild-1-300x225.jpg 300w, https:\/\/imbach-elko.ch\/wp-content\/uploads\/2021\/05\/Gruppenbild-1.jpg 512w\" sizes=\"(max-width: 300px) 100vw, 300px\" \/><\/p><p>Am 29. M\u00e4rz 2021 trafen die Sch\u00fclerinnen und Sch\u00fcler der Klasse 1D von Inwil im Breitenfeld, Inwil ein. Auf der vorbereiteten landwirtschaftlichen Parzelle soll eine Hecke angepflanzt werden, welche vielen Kleintieren (Insekten, V\u00f6geln, Kleins\u00e4ugetieren) einen Lebensraum bietet. Viel Arbeit wartete auf die fleissigen Helfer. Rund 630 Pflanzen standen zum Einpflanzen bereit.<\/p><p>Wir als Imbach ELKO AG durften auch unseren Teil dazu beisteuern und verpflegten die Kinder \u00fcber den ganzen Tag. Sie freuten sich auch sehr \u00fcber unser kleines Blumengeschenk, dass sie am Ende des Tages nach Hause nehmen konnten.<\/p><p><a href=\"https:\/\/imbach-elko.ch\/wp-content\/uploads\/2021\/05\/Bericht-Heckenpflanzung-1.pdf\">Bericht Heckenpflanzung<\/a><\/p><\/div><\/div><\/div>\t\t\t\t\t\t\t\t\t\t\t\t\t\t\t\t\t\t<div class=\"eael-content-timeline-block\">\n    <div class=\"eael-content-timeline-line\">\n        <div class=\"eael-content-timeline-inner\"><\/div>\n    <\/div>\n    <div class=\"eael-content-timeline-img eael-picture \"><\/div><div class=\"eael-content-timeline-content\"><span class=\"eael-date\">01.10.2020<\/span><h2 class=\"eael-timeline-title\"><a href=\"#\">Firmengr\u00fcndung Imbach ELKO AG<\/a><\/h2><div class=\"eael-timeline-excerpt\"><p>Wir erweitern unseren Horizont und starten ab Januar 2021 mit unserer neuen Firma Imbach ELKO AG in Inwil<\/p><p><img loading=\"lazy\" decoding=\"async\" class=\"alignnone wp-image-304 size-large\" src=\"https:\/\/imbach-elko.ch\/wp-content\/uploads\/2020\/10\/elko-logo-1024x476.png\" alt=\"Logo Elko AG\" width=\"800\" height=\"372\" srcset=\"https:\/\/imbach-elko.ch\/wp-content\/uploads\/2020\/10\/elko-logo-1024x476.png 1024w, https:\/\/imbach-elko.ch\/wp-content\/uploads\/2020\/10\/elko-logo-300x140.png 300w, https:\/\/imbach-elko.ch\/wp-content\/uploads\/2020\/10\/elko-logo-768x357.png 768w, https:\/\/imbach-elko.ch\/wp-content\/uploads\/2020\/10\/elko-logo.png 1077w\" sizes=\"(max-width: 800px) 100vw, 800px\" \/><\/p><\/div><\/div><\/div>\t\t\t\t<\/div>\n\t\t\t<\/div>\n\t\t<\/div>\n\t\t\t\t\t<\/div>\n\t\t\t\t<\/div>\n\t\t\t\t\t<\/div>\n\t\t<\/div>\n\t\t\t\t\t<\/div>\n\t\t<\/section>\n\t\t\t\t<\/div>\n\t\t","protected":false},"excerpt":{"rendered":"<p>Dezember 2025 Freudige Festtage Februar 2025 Schmutziger Donnerstag, 27. Februar geschlossen Dezember 2024 Freudige Festtage und ein lichtvolles neues Jahr Oktober 2024 Gratulation zum 10 J\u00e4hrigen Firmenjubil\u00e4um Mai 2024 Eibu-F\u00e4scht Am Eibu-F\u00e4scht spannen wir mit der Urech + Harr AG zusammen. Du bist gespannt, was es bei uns alles zu entdecken gibt? Dann komm am [&hellip;]<\/p>\n","protected":false},"author":1,"featured_media":0,"parent":0,"menu_order":0,"comment_status":"closed","ping_status":"closed","template":"","meta":{"footnotes":""},"class_list":["post-128","page","type-page","status-publish","hentry"],"_links":{"self":[{"href":"https:\/\/imbach-elko.ch\/index.php?rest_route=\/wp\/v2\/pages\/128","targetHints":{"allow":["GET"]}}],"collection":[{"href":"https:\/\/imbach-elko.ch\/index.php?rest_route=\/wp\/v2\/pages"}],"about":[{"href":"https:\/\/imbach-elko.ch\/index.php?rest_route=\/wp\/v2\/types\/page"}],"author":[{"embeddable":true,"href":"https:\/\/imbach-elko.ch\/index.php?rest_route=\/wp\/v2\/users\/1"}],"replies":[{"embeddable":true,"href":"https:\/\/imbach-elko.ch\/index.php?rest_route=%2Fwp%2Fv2%2Fcomments&post=128"}],"version-history":[{"count":29,"href":"https:\/\/imbach-elko.ch\/index.php?rest_route=\/wp\/v2\/pages\/128\/revisions"}],"predecessor-version":[{"id":1801,"href":"https:\/\/imbach-elko.ch\/index.php?rest_route=\/wp\/v2\/pages\/128\/revisions\/1801"}],"wp:attachment":[{"href":"https:\/\/imbach-elko.ch\/index.php?rest_route=%2Fwp%2Fv2%2Fmedia&parent=128"}],"curies":[{"name":"wp","href":"https:\/\/api.w.org\/{rel}","templated":true}]}}